{"id":67,"date":"2018-12-18T23:25:23","date_gmt":"2018-12-18T22:25:23","guid":{"rendered":"http:\/\/192.168.10.111\/?page_id=67"},"modified":"2025-11-29T14:58:15","modified_gmt":"2025-11-29T13:58:15","slug":"lequipe","status":"publish","type":"page","link":"https:\/\/www.velocampus.net\/en\/lequipe\/","title":{"rendered":"L\u2019\u00c9quipe"},"content":{"rendered":"\n<p class=\"has-text-align-center\"><\/p>\n\n\n\n<div class=\"wp-block-columns has-2-columns is-layout-flex wp-container-core-columns-is-layout-9d6595d7 wp-block-columns-is-layout-flex\">\n<div class=\"wp-block-column is-layout-flow wp-block-column-is-layout-flow\">\n<h2 class=\"wp-block-heading\">Le Conseil Coll\u00e9gial<\/h2>\n\n\n\n<p>Chaque ann\u00e9e, pour g\u00e9rer l&#8217;association, un <strong>Conseil <\/strong><strong>C<\/strong><strong>oll\u00e9gial<\/strong> est \u00e9lu et se r\u00e9uni environ une fois par mois pour statuer sur toute d\u00e9cision se rapportant \u00e0 la vie de l\u2019association (cela recouvre une vari\u00e9t\u00e9 de sujets, de la formulation du projet politique de l\u2019association \u00e0 la cr\u00e9ation de nouveaux meubles de rangement, par exemple).<\/p>\n\n\n\n<p>Contrairement au Conseil d\u2019Administration (qui induit l\u2019existence d\u2019un\u00b7e pr\u00e9sident\u00b7e du conseil d\u2019administration, entour\u00e9\u00b7e d\u2019administrateur\u00b7rice), la coll\u00e9gialit\u00e9 du conseil suppose le partage de la prise de d\u00e9cision, et donc de la gouvernance, entre diff\u00e9rents\u00b7es membres qui se trouvent tous\u00b7tes au m\u00eame niveau hi\u00e9rarchique. A l\u2019exception d\u2019un\u00b7e repr\u00e9sentant\u00b7e des salari\u00e9s\u00b7es, le conseil coll\u00e9gial est constitu\u00e9 de b\u00e9n\u00e9voles.<br><\/p>\n<\/div>\n\n\n\n<div class=\"wp-block-column is-layout-flow wp-block-column-is-layout-flow\">\n<strong>Membres du Conseil Coll\u00e9gial \u00e9lu\u00b7es le 21 juin 2025<\/strong>\n<div class=\"su-list\" style=\"margin-left:0px\"><ul>\n<li><i class=\"sui sui-bicycle\" style=\"color:#f09221\"><\/i> Antoine MOZET<\/li>\n<li><i class=\"sui sui-bicycle\" style=\"color:#f09221\"><\/i> Arthur MACHEREY<\/li>\n<li><i class=\"sui sui-bicycle\" style=\"color:#f09221\"><\/i> Claude BUFFIERE<\/li>\n<li><i class=\"sui sui-bicycle\" style=\"color:#f09221\"><\/i> Fabien DURR<\/li>\n<li><i class=\"sui sui-bicycle\" style=\"color:#f09221\"><\/i> Fran\u00e7ois AOUTIN<\/li>\n<li><i class=\"sui sui-bicycle\" style=\"color:#f09221\"><\/i> Maxime LALANDE<\/li>\n<li><i class=\"sui sui-bicycle\" style=\"color:#f09221\"><\/i> Nolla\u00efg DIPODE<\/li>\n<li><i class=\"sui sui-bicycle\" style=\"color:#f09221\"><\/i> Robin CHAUVET&#8211;QUIDU<\/li>\n<li><i class=\"sui sui-bicycle\" style=\"color:#f09221\"><\/i> Spoune BEDOURET<\/li> \n<li><i class=\"sui sui-bicycle\" style=\"color:#f09221\"><\/i> Tino BUFQUIN<\/li>\n<li><i class=\"sui sui-bicycle\" style=\"color:#f09221\"><\/i> Tom LAFOREST<\/li>\n<\/ul><\/div>\n<\/div>\n<\/div>\n\n\n\n<h2 class=\"wp-block-heading has-text-align-center\">Les Permanents\u00b7es<br><\/h2>\n\n\n\n<p>Depuis 1998, V\u00e9locampus fonctionne avec des permanents\u00b7es, qui sont salari\u00e9s\u00b7es de l\u2019association. Leurs missions \u00e9voluent \u00e0 mesure que V\u00e9locampus grandit. A ce jour, nous comptons quatre salari\u00e9s\u00b7es, et deux volontaires en Service Civique.<\/p>\n\n\n\n<hr class=\"wp-block-separator has-css-opacity\"\/>\n\n\n\n<div class=\"wp-block-media-text alignwide is-stacked-on-mobile\" style=\"grid-template-columns:15% auto\"><figure class=\"wp-block-media-text__media\"><img loading=\"lazy\" decoding=\"async\" width=\"935\" height=\"929\" src=\"https:\/\/www.velocampus.net\/wp-content\/uploads\/2024\/11\/Logo-1-detoure.png\" alt=\"\" class=\"wp-image-1576 size-full\" srcset=\"https:\/\/www.velocampus.net\/wp-content\/uploads\/2024\/11\/Logo-1-detoure.png 935w, https:\/\/www.velocampus.net\/wp-content\/uploads\/2024\/11\/Logo-1-detoure-300x298.png 300w, https:\/\/www.velocampus.net\/wp-content\/uploads\/2024\/11\/Logo-1-detoure-150x150.png 150w, https:\/\/www.velocampus.net\/wp-content\/uploads\/2024\/11\/Logo-1-detoure-768x763.png 768w, https:\/\/www.velocampus.net\/wp-content\/uploads\/2024\/11\/Logo-1-detoure-230x230.png 230w\" sizes=\"auto, (max-width: 935px) 100vw, 935px\" \/><\/figure><div class=\"wp-block-media-text__content\">\n<p><strong>Charlotte DESRIER<\/strong><\/p>\n<\/div><\/div>\n\n\n\n<div class=\"wp-block-media-text alignwide has-media-on-the-right is-stacked-on-mobile\" style=\"grid-template-columns:auto 15%\"><div class=\"wp-block-media-text__content\">\n<p><strong>Thomas GODEFROY<\/strong><\/p>\n<\/div><figure class=\"wp-block-media-text__media\"><img loading=\"lazy\" decoding=\"async\" width=\"935\" height=\"929\" src=\"https:\/\/www.velocampus.net\/wp-content\/uploads\/2024\/11\/Logo-1-detoure.png\" alt=\"\" class=\"wp-image-1576 size-full\" srcset=\"https:\/\/www.velocampus.net\/wp-content\/uploads\/2024\/11\/Logo-1-detoure.png 935w, https:\/\/www.velocampus.net\/wp-content\/uploads\/2024\/11\/Logo-1-detoure-300x298.png 300w, https:\/\/www.velocampus.net\/wp-content\/uploads\/2024\/11\/Logo-1-detoure-150x150.png 150w, https:\/\/www.velocampus.net\/wp-content\/uploads\/2024\/11\/Logo-1-detoure-768x763.png 768w, https:\/\/www.velocampus.net\/wp-content\/uploads\/2024\/11\/Logo-1-detoure-230x230.png 230w\" sizes=\"auto, (max-width: 935px) 100vw, 935px\" \/><\/figure><\/div>\n\n\n\n<div class=\"wp-block-media-text alignwide is-stacked-on-mobile\" style=\"grid-template-columns:15% auto\"><figure class=\"wp-block-media-text__media\"><img loading=\"lazy\" decoding=\"async\" width=\"935\" height=\"929\" src=\"https:\/\/www.velocampus.net\/wp-content\/uploads\/2024\/11\/Logo-1-detoure.png\" alt=\"\" class=\"wp-image-1576 size-full\" srcset=\"https:\/\/www.velocampus.net\/wp-content\/uploads\/2024\/11\/Logo-1-detoure.png 935w, https:\/\/www.velocampus.net\/wp-content\/uploads\/2024\/11\/Logo-1-detoure-300x298.png 300w, https:\/\/www.velocampus.net\/wp-content\/uploads\/2024\/11\/Logo-1-detoure-150x150.png 150w, https:\/\/www.velocampus.net\/wp-content\/uploads\/2024\/11\/Logo-1-detoure-768x763.png 768w, https:\/\/www.velocampus.net\/wp-content\/uploads\/2024\/11\/Logo-1-detoure-230x230.png 230w\" sizes=\"auto, (max-width: 935px) 100vw, 935px\" \/><\/figure><div class=\"wp-block-media-text__content\">\n<p><strong>R\u00e9gis HARDOUIN<\/strong><\/p>\n<\/div><\/div>\n\n\n\n<div class=\"wp-block-media-text alignwide has-media-on-the-right is-stacked-on-mobile is-vertically-aligned-center\" style=\"grid-template-columns:auto 15%\"><div class=\"wp-block-media-text__content\">\n<p><strong><strong>Barbara LHEUREUX<\/strong><\/strong><\/p>\n<\/div><figure class=\"wp-block-media-text__media\"><img loading=\"lazy\" decoding=\"async\" width=\"935\" height=\"929\" src=\"https:\/\/www.velocampus.net\/wp-content\/uploads\/2024\/11\/Logo-1-detoure.png\" alt=\"\" class=\"wp-image-1576 size-full\" srcset=\"https:\/\/www.velocampus.net\/wp-content\/uploads\/2024\/11\/Logo-1-detoure.png 935w, https:\/\/www.velocampus.net\/wp-content\/uploads\/2024\/11\/Logo-1-detoure-300x298.png 300w, https:\/\/www.velocampus.net\/wp-content\/uploads\/2024\/11\/Logo-1-detoure-150x150.png 150w, https:\/\/www.velocampus.net\/wp-content\/uploads\/2024\/11\/Logo-1-detoure-768x763.png 768w, https:\/\/www.velocampus.net\/wp-content\/uploads\/2024\/11\/Logo-1-detoure-230x230.png 230w\" sizes=\"auto, (max-width: 935px) 100vw, 935px\" \/><\/figure><\/div>\n\n\n\n<p><\/p>\n\n\n\n<h2 class=\"wp-block-heading has-text-align-center\">Les Ancien\u00b7nes<\/h2>\n\n\n\n<details class=\"wp-block-details is-layout-flow wp-block-details-is-layout-flow\"><summary>L&#8217;\u00e9pop\u00e9e de V\u00e9locampus est longue ! D\u00e9roulez ici pour avoir le d\u00e9tail des allers et venus des gens qui ont crois\u00e9 le chemin de l&#8217;association :<\/summary>\n<p>Un an apr\u00e8s sa cr\u00e9ation et gr\u00e2ce au succ\u00e8s de l\u2019op\u00e9ration V\u00e9locampus, l\u2019association cr\u00e9e en 1998 un premier emploi pour coordonner ses actions et embauche Marina FORGET, sous contrat d\u2019\u00c9tat emploi jeune. En 2000, Bertrand MIALHE prend la rel\u00e8ve quelques mois, puis Laurent HOLL\u00c9COU occupera le poste durant 6 ann\u00e9es, prenant en charge l\u2019entretien et la r\u00e9paration des v\u00e9los.<br><br>En 2002, un second poste est cr\u00e9\u00e9 pour soutenir l\u2019activit\u00e9 et d\u00e9velopper le volet des animations avec M\u00e9lanie RICHARD, \u00e9galement sous contrat emploi jeune, au poste d\u2019animatrice.<br><br>En 2005, le premier poste est scind\u00e9 en deux et voit le recrutement de R\u00e9mi G-S. L\u2019atelier se d\u00e9veloppe et les contr\u00f4les techniques se multiplient sur les campus et les \u00c9coles. La communication prend de l\u2019importance et les partenariats se consolident.<br><br>Entre 2006 et 2007, l\u2019association vit une p\u00e9riode pr\u00e9caire entre la fin des contrats aid\u00e9s, le d\u00e9part de salari\u00e9s et l\u2019\u00e9volution des postes de travail qui s\u2019impose.<br><br>En septembre 2006, l\u2019association recrute \u00c9lise BIARD au poste de responsable administratif et financier. Son contrat est un emploi tremplin, conventionn\u00e9 avec la R\u00e9gion des Pays de la Loire et Nantes M\u00e9tropole.<br><br>En septembre 2007, le poste d\u2019animatrice de M\u00e9lanie est modifi\u00e9&nbsp;: elle se trouve alors en charge de la vie associative, de la communication interne et des r\u00e9seaux.<br><br>Dans le m\u00eame temps, Lionel CORGNET est embauch\u00e9 comme coordinateur Cycles. En d\u00e9cembre 2007, un second emploi tremplin est cr\u00e9\u00e9, toujours avec la r\u00e9gion et la communaut\u00e9 de communes, pour consolider ce poste.<br><br>Sur la rentr\u00e9e universitaire 2008-2009, l\u2019association embauche Guillaume LE BASTARD \u00e0 mi-temps pour r\u00e9pondre \u00e0 l\u2019accroissement des activit\u00e9s, notamment l\u2019accueil et les ateliers.<br>\u00c0 la fin de l\u2019\u00e9t\u00e9 2009, l\u2019association embauche Teddy BALAIR, tout juste arriv\u00e9 de l\u2019\u00eele d\u2019Yeu apr\u00e8s une saison dans la location. Il vient renforcer l\u2019\u00e9quipe pour la rentr\u00e9e et va finalement rester jusqu\u2019\u00e0 la mi-janvier. Il r\u00e9pare les v\u00e9los et accompagne les \u00e9tudiants sur les ateliers.<br>L\u2019ann\u00e9e 2010 est marqu\u00e9e par un fort renouvellement de l\u2019\u00e9quipe salariale, avec 3 autres d\u00e9parts.<br><br>M\u00e9lanie RICHARD&nbsp;: charg\u00e9e de la vie associative, elle s\u2019occupait de l\u2019animation de l\u2019\u00e9quipe de b\u00e9n\u00e9voles sur des projets au cours de l\u2019ann\u00e9e. Elle quitte l\u2019association en mai 2010, pour se tourner vers des horizons encore plus verts.<br><br>\u00c9lise BIARD&nbsp;: gestionnaire comptable, charg\u00e9e de la communication, elle s\u2019occupait de l\u2019administration de l\u2019association, des relations avec les partenaires et les m\u00e9dias. A partir de septembre 2009, \u00e0 temps partiel, elle s\u2019est concentr\u00e9e sur la gestion de l\u2019association avant de la quitter en juin 2010.<br><br>Fin septembre, Lucie AUBIN, embauch\u00e9e lors du passage d\u2019Elise BIARD \u00e0 temps partiel, quitte \u00e9galement l\u2019\u00e9quipe salariale. Charg\u00e9e de la communication et des relations publiques, elle avait repris une partie de la coordination des projets de l\u2019association apr\u00e8s le d\u00e9part de M\u00e9lanie. C\u2019est une autre Lucie qui la remplace sur ces m\u00eames t\u00e2ches depuis la mi-ao\u00fbt.<br><br>Gabriel LELI\u00c8VRE est un jeune technicien qui a eu \u00e0 charge l\u2019entretien du parc, mais aussi de l\u2019animation de l\u2019atelier. Gaby est venu renforcer l\u2019\u00e9quipe autour de la p\u00e9riode estivale 2010.<br><br>Arriv\u00e9 dans l\u2019\u00e9quipe salariale en septembre 2007, Lionel Corgnet a quitt\u00e9 l\u2019association en f\u00e9vrier 2012. Lionel est n\u00e9anmoins le premier \u00e0 avoir travaill\u00e9 avec l\u2019association, en tant que b\u00e9n\u00e9vole \u00e0 l\u2019\u00e9poque (premi\u00e8re adh\u00e9sion en 1998-1999&nbsp;!). Son poste est d\u00e9fini comme coordinateur cycle.<br>Lionel est le technicien de l\u2019association&nbsp;: il animait et encadrait les ateliers de r\u00e9paration&nbsp;; en charge de l\u2019entretien, de la r\u00e9paration et du renouvellement des v\u00e9los du parc entre deux pr\u00eats. Par ailleurs, compte tenu de sa formation universitaire, il administrait le parc informatique et se chargeait d\u2019\u00e9ventuels d\u00e9veloppements.<br><br>Lucie PLASSAIS est arriv\u00e9e en ao\u00fbt 2010. Dipl\u00f4m\u00e9e en commerce \u00e9quitable et \u00e9conomie solidaire (promo Surikat), elle est sensible aux questions environnementales et met \u00e0 profit son savoir et ses comp\u00e9tences dans son poste d\u2019animatrice charg\u00e9e des relations ext\u00e9rieures. Elle a quitt\u00e9 l\u2019association en septembre 2013 pour se consacrer \u00e0 la suite de son projet professionnel&nbsp;: ouvrir un atelier de couture.<br><br>Romain CL\u00c9MENT est arriv\u00e9 en juin 2012. De formation d\u2019\u00e9ducateur sp\u00e9cialis\u00e9, il a accompagn\u00e9 Fabien lors des ateliers de v\u00e9lonomie et a g\u00e9r\u00e9 l\u2019entretien des v\u00e9los de pr\u00eat. Esprit libre, et parfois philosophe, Romain a \u00e9t\u00e9 force de proposition tout au long de sa pr\u00e9sence \u00e0 V\u00e9locampus. Son contrat a pris fin en septembre 2013 \u00e0 la suite duquel il a enfourch\u00e9 sa bicyclette pour voyager de ferme en ferme \u00e0 la recherche de nouvelles exp\u00e9riences.<br><br>En mars 2012, Nicolas CARADEC d\u00e9bute son contrat en tant que gestionnaire comptable. Dipl\u00f4m\u00e9 en commerce \u00e9quitable et \u00e9conomie solidaire (promo Panda), il part pour de nouvelles aventures en mars 2014.<br><br>Recrut\u00e9e en octobre 2013, Yuna GLOANEC occupe le poste d\u2019animatrice en charge de la communication et des relations ext\u00e9rieurs. Au-del\u00e0 de ses pr\u00e9rogatives, elle d\u00e9veloppe le b\u00e9n\u00e9volat au sein de l\u2019association.<br>Pleine de motivations, elle d\u00e9cide de rajouter des rayons \u00e0 sa roue en se formant \u00e0 la m\u00e9canique cycle. Elle quitte l\u2019association fin octobre 2014.<br><br>Arriv\u00e9e en novembre 2014, Gwenola KERREC a pris le relais de Yuna, <em>charge de l\u2019administration et des relations publiques<\/em>. Pendant 1 an, jusqu\u2019en Novembre 2015, elle s\u2019est occup\u00e9e de toutes ces petites choses qui ne sont pas visibles mais qui ont int\u00e9r\u00eats d\u2019\u00eatre r\u00e9alis\u00e9es pour que tout roule&#8230; comme sur un v\u00e9lo&nbsp;!<br><br>Fabien ROLLAND aura occup\u00e9 le poste de <em>coordinateur<\/em> et d\u2019<em>animateur-cycle<\/em> de mai 2011 \u00e0 Janvier 2016. Il a ind\u00e9niablement marqu\u00e9 l\u2019association et nous a fait profiter de son exp\u00e9rience (10 ans de technicien cycle) au cours des ateliers. Il a su d\u00e9velopper les formations m\u00e9caniques et animer la vie de l\u2019association, mettre en route l\u2019activit\u00e9 autours de la Charrette. Membre du r\u00e9seau de <a href=\"http:\/\/www.heureux-cyclage.org\/\">L\u2019Heureux Cyclage<\/a>, il a eu le r\u00f4le de repr\u00e9sentant g\u00e9ographique Bretagne, Pays de la Loire et aida \u00e0 l\u2019accompagnement des futurs ateliers.<br><br>Apr\u00e8s 14 mois de formation BPJEPS \u00e0 Clisson, dont un stage au sein des Transformeurs, association de recyclage artistique, le dipl\u00f4me en poche, Fabien s\u2019est lanc\u00e9 dans d\u2019autres aventures.<br><br>Avec le d\u00e9part de Fabien en formation, en d\u00e9cembre 2014, Marie CORNUEL occupe le poste de <em>coordinatrice<\/em> rempla\u00e7ante. Initi\u00e9e \u00e0 la m\u00e9canique v\u00e9lo dans les Cyclofficines de la capitale, elle apporta \u00e0 V\u00e9locampus sa formation d\u2019\u00e9ducatrice sp\u00e9cialis\u00e9e pour la r\u00e9alisation de projets divers, avec joie et bonne humeur. Marie nous a quitt\u00e9 avec le retour de Fabien en Janvier 2016.<br><br><\/p>\n<\/details>\n\n\n\n<p><\/p>\n\n\n\n<p><\/p>\n","protected":false},"excerpt":{"rendered":"<p>Le Conseil Coll\u00e9gial Chaque ann\u00e9e, pour g\u00e9rer l&#8217;association, un Conseil Coll\u00e9gial est \u00e9lu et se r\u00e9uni environ une fois par mois pour statuer sur toute d\u00e9cision se rapportant \u00e0 la vie de l\u2019association (cela recouvre une vari\u00e9t\u00e9 de sujets, de<\/p>\n","protected":false},"author":1,"featured_media":46,"parent":0,"menu_order":0,"comment_status":"closed","ping_status":"closed","template":"","meta":{"_lmt_disableupdate":"","_lmt_disable":"","footnotes":""},"class_list":["post-67","page","type-page","status-publish","has-post-thumbnail","hentry"],"translation":{"provider":"WPGlobus","version":"3.0.2","language":"en","enabled_languages":["fr","en"],"languages":{"fr":{"title":true,"content":true,"excerpt":false},"en":{"title":false,"content":false,"excerpt":false}}},"_links":{"self":[{"href":"https:\/\/www.velocampus.net\/en\/wp-json\/wp\/v2\/pages\/67","targetHints":{"allow":["GET"]}}],"collection":[{"href":"https:\/\/www.velocampus.net\/en\/wp-json\/wp\/v2\/pages"}],"about":[{"href":"https:\/\/www.velocampus.net\/en\/wp-json\/wp\/v2\/types\/page"}],"author":[{"embeddable":true,"href":"https:\/\/www.velocampus.net\/en\/wp-json\/wp\/v2\/users\/1"}],"replies":[{"embeddable":true,"href":"https:\/\/www.velocampus.net\/en\/wp-json\/wp\/v2\/comments?post=67"}],"version-history":[{"count":63,"href":"https:\/\/www.velocampus.net\/en\/wp-json\/wp\/v2\/pages\/67\/revisions"}],"predecessor-version":[{"id":2122,"href":"https:\/\/www.velocampus.net\/en\/wp-json\/wp\/v2\/pages\/67\/revisions\/2122"}],"wp:featuredmedia":[{"embeddable":true,"href":"https:\/\/www.velocampus.net\/en\/wp-json\/wp\/v2\/media\/46"}],"wp:attachment":[{"href":"https:\/\/www.velocampus.net\/en\/wp-json\/wp\/v2\/media?parent=67"}],"curies":[{"name":"wp","href":"https:\/\/api.w.org\/{rel}","templated":true}]}}