{"id":519,"date":"2019-01-25T16:02:35","date_gmt":"2019-01-25T15:02:35","guid":{"rendered":"http:\/\/dev.velocampus.net\/?page_id=519"},"modified":"2025-08-27T18:30:23","modified_gmt":"2025-08-27T16:30:23","slug":"atelier-mobile","status":"publish","type":"page","link":"https:\/\/www.velocampus.net\/en\/atelier-mobile\/","title":{"rendered":"L&#8217;atelier mobile de V\u00e9locampus"},"content":{"rendered":"\n<p>V\u00e9locampus est en tourn\u00e9e dans toute la m\u00e9tropole !<\/p>\n\n\n\n<p>L\u2019atelier mobile de V\u00e9locampus nous permet d\u2019aller \u00e0 la rencontre de publics diversifi\u00e9s (celleux qui ne conna\u00eetraient pas encore l&#8217;atelier, qui en seraient un peu \u00e9loign\u00e9s\u00b7es) et de les sensibiliser aux enjeux de la r\u00e9paration et de l\u2019entretien du v\u00e9lo. En proposant des contr\u00f4les techniques ou des formations aux premiers gestes de la m\u00e9canique cycle, nous instillons l\u2019id\u00e9e qu\u2019il est possible de s\u2019occuper soi-m\u00eame de son v\u00e9lo et d\u2019en prolonger sa dur\u00e9e d\u2019usage, de fa\u00e7on simple et accessible.<\/p>\n\n\n\n<p>Si vous souhaitez prendre part \u00e0 l&#8217;animation de tels ateliers, n&#8217;h\u00e9sitez pas \u00e0 nous en faire part !<\/p>\n\n\n<div class=\"r34ics-ajax-container loading\" id=\"r69f0d78a925d5d0\" data-view=\"month\" data-view-is-list-style=\"0\" data-view-is-list-long=\"0\" data-args=\"cff123bb734ad609029e7218d10691be94a629e0\" data-js-args=\"{&quot;debug&quot;:null}\">&nbsp;<\/div>\n","protected":false},"excerpt":{"rendered":"<p>V\u00e9locampus est en tourn\u00e9e dans toute la m\u00e9tropole ! L\u2019atelier mobile de V\u00e9locampus nous permet d\u2019aller \u00e0 la rencontre de publics diversifi\u00e9s (celleux qui ne conna\u00eetraient pas encore l&#8217;atelier, qui en seraient un peu \u00e9loign\u00e9s\u00b7es) et de les sensibiliser aux<\/p>\n","protected":false},"author":1,"featured_media":1511,"parent":0,"menu_order":0,"comment_status":"closed","ping_status":"closed","template":"","meta":{"_lmt_disableupdate":"no","_lmt_disable":"","footnotes":""},"class_list":["post-519","page","type-page","status-publish","has-post-thumbnail","hentry"],"translation":{"provider":"WPGlobus","version":"3.0.2","language":"en","enabled_languages":["fr","en"],"languages":{"fr":{"title":true,"content":true,"excerpt":false},"en":{"title":false,"content":false,"excerpt":false}}},"_links":{"self":[{"href":"https:\/\/www.velocampus.net\/en\/wp-json\/wp\/v2\/pages\/519","targetHints":{"allow":["GET"]}}],"collection":[{"href":"https:\/\/www.velocampus.net\/en\/wp-json\/wp\/v2\/pages"}],"about":[{"href":"https:\/\/www.velocampus.net\/en\/wp-json\/wp\/v2\/types\/page"}],"author":[{"embeddable":true,"href":"https:\/\/www.velocampus.net\/en\/wp-json\/wp\/v2\/users\/1"}],"replies":[{"embeddable":true,"href":"https:\/\/www.velocampus.net\/en\/wp-json\/wp\/v2\/comments?post=519"}],"version-history":[{"count":31,"href":"https:\/\/www.velocampus.net\/en\/wp-json\/wp\/v2\/pages\/519\/revisions"}],"predecessor-version":[{"id":1982,"href":"https:\/\/www.velocampus.net\/en\/wp-json\/wp\/v2\/pages\/519\/revisions\/1982"}],"wp:featuredmedia":[{"embeddable":true,"href":"https:\/\/www.velocampus.net\/en\/wp-json\/wp\/v2\/media\/1511"}],"wp:attachment":[{"href":"https:\/\/www.velocampus.net\/en\/wp-json\/wp\/v2\/media?parent=519"}],"curies":[{"name":"wp","href":"https:\/\/api.w.org\/{rel}","templated":true}]}}