{"id":2185,"date":"2026-03-13T15:47:54","date_gmt":"2026-03-13T14:47:54","guid":{"rendered":"https:\/\/www.velocampus.net\/?page_id=2185"},"modified":"2026-03-13T16:45:52","modified_gmt":"2026-03-13T15:45:52","slug":"adherer-a-velocampus","status":"publish","type":"page","link":"https:\/\/www.velocampus.net\/en\/adherer-a-velocampus\/","title":{"rendered":"Adh\u00e9rer \u00e0 V\u00e9locampus"},"content":{"rendered":"\n<p>L&#8217;adh\u00e9sion \u00e0 V\u00e9locampus vous permettra de prendre part aux activit\u00e9s propos\u00e9es par l&#8217;association : ateliers d&#8217;autor\u00e9paration, formations, balades, ateliers cr\u00e9acycle, etc.<\/p>\n\n\n\n<p>Les adh\u00e9sions sont valables un an \u00e0 compter de la date d&#8217;adh\u00e9sion, et il existe plusieurs tarifs :<\/p>\n\n\n\n<ul class=\"wp-block-list\">\n<li><strong>L&#8217;adh\u00e9sion classique<\/strong>, \u00e0 20\u20ac<\/li>\n\n\n\n<li><strong>L&#8217;adh\u00e9sion petit budget<\/strong>, \u00e0 10\u20ac. Pour celleux qui ne peuvent prendre en charge le co\u00fbt de l&#8217;adh\u00e9sion classique. Ce choix est soumis \u00e0 votre appr\u00e9ciation et nous ne demanderons pas de justificatif.<\/li>\n\n\n\n<li><strong>L&#8217;adh\u00e9sion solidaire<\/strong>, \u00e0 1\u20ac. Pour les personnes en en situation d&#8217;exil (personnes sans-papier, ou disposant d&#8217;une carte de s\u00e9jour).<\/li>\n\n\n\n<li><strong>L&#8217;adh\u00e9sion Famille<\/strong>, \u00e0 30\u20ac. Pour les personnes d&#8217;une m\u00eame maisonn\u00e9e. <\/li>\n\n\n\n<li><strong>L&#8217;adh\u00e9sion de Soutien<\/strong>, \u00e0 40\u20ac. Pour les g\u00e9n\u00e9reux\u00b7ses m\u00e9c\u00e8nes qui souhaitent adh\u00e9rer et soutenir encore plus l&#8217;association.<\/li>\n\n\n\n<li><strong>L&#8217;adh\u00e9sion Personne Morale<\/strong>, \u00e0 50\u20ac. Pour les associations, les institutions, les collectifs.<br><\/li>\n<\/ul>\n\n\n\n<div class=\"wp-block-buttons is-content-justification-center is-layout-flex wp-container-core-buttons-is-layout-16018d1d wp-block-buttons-is-layout-flex\">\n<div class=\"wp-block-button\" id=\"https:\/\/www.helloasso.com\/associations\/velocampus\/adhesions\/adherer-a-velocampus\"><a class=\"wp-block-button__link has-text-align-center wp-element-button\" href=\"https:\/\/www.helloasso.com\/associations\/velocampus\/adhesions\/adherer-a-velocampus\">Faire son adh\u00e9sion en ligne<\/a><\/div>\n<\/div>\n\n\n\n<div class=\"su-spacer\" style=\"height:20px\"><\/div>\n\n\n\n<p><strong>Vous souhaitez adh\u00e9rer \u00e0 V\u00e9locampus ? C&#8217;est donc une excellente nouvelle !<\/strong><\/p>\n\n\n\n<p><strong>C&#8217;est une bonne nouvelle pour vous et votre bicyclette !<\/strong> En prenant votre adh\u00e9sion \u00e0 l&#8217;association, vous pourrez vous autonomiser dans l&#8217;entretien et la r\u00e9paration de votre v\u00e9lo, en profitant de notre outillage, ainsi que de l&#8217;accompagnement des b\u00e9n\u00e9voles et des salari\u00e9\u00b7es qui vous accueilleront.<\/p>\n\n\n\n<p><strong>C&#8217;est une bonne nouvelle pour la plan\u00e8te.<\/strong> L&#8217;adh\u00e9sion vous donnera acc\u00e8s \u00e0 des pi\u00e8ces d&#8217;occasion que vous trouverez sur place \u00e0 prix conscient &#8211; un prix que vous aurez \u00e0 d\u00e9terminer en fonction d&#8217;un tarif indicatif, des moyens dont vous disposez et du soutien que vous souhaitez apporter \u00e0 l&#8217;association. De cette fa\u00e7on, nous promouvons le r\u00e9emploi et la seconde main, tout en ayant en stock des consommables neufs pour les \u00e9l\u00e9ments importants pour la s\u00e9curit\u00e9 (c\u00e2bles et gaines, patins, chambres \u00e0 air, etc). Plus largement, notre action tend \u00e0 favoriser le plus possible l&#8217;usage du v\u00e9lo, et c&#8217;est super pour la qualit\u00e9 de l&#8217;air &#8211; et plus encore !<\/p>\n\n\n\n<p><strong>C&#8217;est une bonne nouvelle pour les autres cyclistes de Nantes et d&#8217;ailleurs<\/strong>. Le partage de connaissances est au c\u0153ur de notre projet associatif, et nous aimons penser que ce que vous apprendrez \u00e0 faire \u00e0 l&#8217;atelier, vous le transmettrez par la suite \u00e0 d&#8217;autres cyclistes qui en auront besoin\u2026 Et peut-\u00eatre m\u00eame que cela se jouera sur les permanences de V\u00e9locampus ? Car adh\u00e9rer, c&#8217;est aussi se donner la possibilit\u00e9 d&#8217;\u00eatre b\u00e9n\u00e9vole et de prendre part en actes au projet associatif de V\u00e9locampus<\/p>\n\n\n\n<p><strong>C&#8217;est une bonne nouvelle pour les autres cyclistes de Nantes et d&#8217;ailleurs<\/strong>. Le partage de connaissances est au c\u0153ur de notre projet associatif, et nous aimons penser que ce que vous apprendrez \u00e0 faire \u00e0 l&#8217;atelier, vous le transmettrez par la suite \u00e0 d&#8217;autres cyclistes qui en auront besoin\u2026 Et peut-\u00eatre m\u00eame que cela se jouera sur les permanences de V\u00e9locampus ? Car adh\u00e9rer, c&#8217;est aussi se donner la possibilit\u00e9 d&#8217;\u00eatre b\u00e9n\u00e9vole et de prendre part en actes au projet associatif de V\u00e9locampus.<\/p>\n\n\n\n<p><\/p>\n","protected":false},"excerpt":{"rendered":"<p>L&#8217;adh\u00e9sion \u00e0 V\u00e9locampus vous permettra de prendre part aux activit\u00e9s propos\u00e9es par l&#8217;association : ateliers d&#8217;autor\u00e9paration, formations, balades, ateliers cr\u00e9acycle, etc. Les adh\u00e9sions sont valables un an \u00e0 compter de la date d&#8217;adh\u00e9sion, et il existe plusieurs tarifs : Vous<\/p>\n","protected":false},"author":10,"featured_media":0,"parent":0,"menu_order":0,"comment_status":"closed","ping_status":"closed","template":"","meta":{"_lmt_disableupdate":"","_lmt_disable":"","footnotes":""},"class_list":["post-2185","page","type-page","status-publish","hentry"],"translation":{"provider":"WPGlobus","version":"3.0.2","language":"en","enabled_languages":["fr","en"],"languages":{"fr":{"title":true,"content":true,"excerpt":false},"en":{"title":false,"content":false,"excerpt":false}}},"_links":{"self":[{"href":"https:\/\/www.velocampus.net\/en\/wp-json\/wp\/v2\/pages\/2185","targetHints":{"allow":["GET"]}}],"collection":[{"href":"https:\/\/www.velocampus.net\/en\/wp-json\/wp\/v2\/pages"}],"about":[{"href":"https:\/\/www.velocampus.net\/en\/wp-json\/wp\/v2\/types\/page"}],"author":[{"embeddable":true,"href":"https:\/\/www.velocampus.net\/en\/wp-json\/wp\/v2\/users\/10"}],"replies":[{"embeddable":true,"href":"https:\/\/www.velocampus.net\/en\/wp-json\/wp\/v2\/comments?post=2185"}],"version-history":[{"count":15,"href":"https:\/\/www.velocampus.net\/en\/wp-json\/wp\/v2\/pages\/2185\/revisions"}],"predecessor-version":[{"id":2207,"href":"https:\/\/www.velocampus.net\/en\/wp-json\/wp\/v2\/pages\/2185\/revisions\/2207"}],"wp:attachment":[{"href":"https:\/\/www.velocampus.net\/en\/wp-json\/wp\/v2\/media?parent=2185"}],"curies":[{"name":"wp","href":"https:\/\/api.w.org\/{rel}","templated":true}]}}